{"id":2393,"date":"2020-06-29T17:57:49","date_gmt":"2020-06-29T15:57:49","guid":{"rendered":"http:\/\/chdouelafontaine.fr\/centre-hospitalier\/?page_id=2393"},"modified":"2021-11-24T15:33:56","modified_gmt":"2021-11-24T14:33:56","slug":"mesures-de-deconfinement","status":"publish","type":"page","link":"https:\/\/chdouelafontaine.fr\/centre-hospitalier\/covid-19\/mesures-de-deconfinement\/","title":{"rendered":"MESURES DE D\u00c9CONFINEMENT"},"content":{"rendered":"<h1><u>MESURES DE D\u00c9CONFINEMENT EN VIGUEUR<\/u><\/h1>\n<p><span style=\"color: #ff9900;\">MISE A JOUR 10\/12\/2020<\/span><\/p>\n<p><u>attention les mesures figurant sur cette page ne sont pas en place actuellement au 10\/12\/2020 <\/u><\/p>\n<p><u>voir rubrique suivante\u00a0: conditions de visite<\/u><\/p>\n<h2>SECTEUR EHPAD<\/h2>\n<h3><strong>1\u00b0 OUVERTURE DE L\u2019\u00c9TABLISSEMENT AUX PERSONNES <\/strong>EXT\u00c9RIEURES<\/h3>\n<h4><strong>\u00a0<\/strong><strong>ANIMATION<\/strong><\/h4>\n<ul>\n<li>Les b\u00e9n\u00e9voles sont admis dans l\u2019\u00e9tablissement sous r\u00e9serve du respect des mesures barri\u00e8res (charte sp\u00e9cifique)<\/li>\n<li><strong>Les animations reprennent avec des intervenants ext\u00e9rieurs individuels (pas encore les groupes)<\/strong><\/li>\n<\/ul>\n<h4><strong>S<\/strong><strong>ERVICES SP\u00c9CIFIQUES DE L\u2019ETABLISSEMENT<\/strong><\/h4>\n<ul>\n<li>Le PASA<\/li>\n<li>Le service accueil de\u00a0jour<br \/>\nfonctionnent normalement avec des mesures barri\u00e8res obligatoires<\/li>\n<\/ul>\n<h4><strong>\u00a0<\/strong><strong>INTERVENTION DE PROFESSIONNELS EXT\u00c9RIEURS<\/strong><\/h4>\n<ul>\n<li><strong>Les <em>ambulanciers <\/em>resteront contr\u00f4l\u00e9s \u00e0 chaque<\/strong> entr\u00e9e\u00a0: enregistrement sur un registre d\u00e9di\u00e9, mesures d\u2019hygi\u00e8ne ex\u00e9cut\u00e9es avant l\u2019entr\u00e9e et prise de temp\u00e9rature<\/li>\n<li>Les <em>coiffeuses<\/em> prennent les RDV elles-m\u00eames et vont chercher les r\u00e9sidents mais demeurent soumises \u00e0 l\u2019application d\u2019une charte sp\u00e9cifique<\/li>\n<li>De m\u00eame pour les <em>podologues\/p\u00e9dicures<\/em><\/li>\n<\/ul>\n<h4><strong>VISITES DES FAMILLES ET DU PUBLIC<\/strong><\/h4>\n<ul>\n<li><strong>Les familles et le public sont autoris\u00e9s \u00e0 entrer \u00e0 certaines plages horaires et <span style=\"text-decoration: underline;\">sous r\u00e9serve qu\u2019elles respectent les mesures barri\u00e8res<\/span> (voir RUBRIQUE <a href=\"https:\/\/chdouelafontaine.fr\/centre-hospitalier\/conditions_visites_libres\/\">VISITES LIBRES EN ETABLISSEMENT<\/a>)<\/strong><\/li>\n<\/ul>\n<p><strong><u>Il y a toutefois des exceptions \u00e0 la r\u00e8gle de limitation de l\u2019acc\u00e8s\u00a0: <\/u><\/strong><\/p>\n<ul>\n<li><strong>En cas de d\u00e9c\u00e8s imminent,<\/strong><\/li>\n<li><strong>En cas de soins palliatifs,<\/strong><\/li>\n<\/ul>\n<p>Dans ce cas, sur demande ou sur appel des familles, <span style=\"color: #ff9900;\">les mesures peuvent \u00eatre assouplies sur autorisation du Directeur.<\/span> Dans tous les cas, les mesures barri\u00e8res restent obligatoires.<\/p>\n<h3><strong>2\u00b0 LA POLITIQUE EN PLACE RELATIVE AUX PERSONNELS<\/strong><\/h3>\n<ul>\n<li><strong>Maintien du contr\u00f4le des personnels \u00e0 la prise de poste<\/strong><\/li>\n<\/ul>\n<p>Les personnels ont des mesures strictes \u00e0 mettre en \u0153uvre aux entr\u00e9es de l\u2019\u00e9tablissement, leur temp\u00e9rature prise, le lavage des mains avec du solut\u00e9 hydro-alcoolique (SHA) ex\u00e9cut\u00e9 et l\u2019enregistrement sur un registre. Un sas d\u2019habillage\/d\u00e9shabillage est mis en place pour renforcer les mesures de pr\u00e9vention.<\/p>\n<p>Des tests s\u00e9rologiques seront propos\u00e9s \u00e0 tous les personnels ainsi que des tests PCR \u00e0 leur retour de cong\u00e9s sup\u00e9rieurs \u00e0 8 jours.<\/p>\n<ul>\n<li><strong>Informations des personnels sur le COVID-19<\/strong><\/li>\n<\/ul>\n<p>L\u2019infirmi\u00e8re hygi\u00e9niste proc\u00e8de r\u00e9guli\u00e8rement \u00e0 des rappels sur les diff\u00e9rentes mesures d\u2019hygi\u00e8ne.<\/p>\n<h3><strong>3\u00b0 MESURES PR\u00c9VENTIVES PRISES A L\u2019\u00c9GARD DES R\u00c9SIDENTS<\/strong><\/h3>\n<ul>\n<li><strong>QUAND LE CONFINEMENT EST-IL MIS EN PLACE ?<\/strong><\/li>\n<\/ul>\n<p>Il y a de multiples situations. De mani\u00e8re g\u00e9n\u00e9rale, le r\u00e9sident est confin\u00e9 lorsque le risque lors de sorties \u00e0 l\u2019ext\u00e9rieur est estim\u00e9 non n\u00e9gligeable et lorsqu\u2019il ne peut pas porter un masque de mani\u00e8re prolong\u00e9e.<\/p>\n<ul>\n<li><strong>QUAND L\u2019ISOLEMENT EST-IL MIS EN PLACE ?\u00a0<\/strong><\/li>\n<\/ul>\n<p>Quand le r\u00e9sident ou le patient pr\u00e9sente des signes qui peuvent \u00e9voquer le COVID-19 ou une autre pathologie contagieuse, il est plac\u00e9, avant l\u2019arriv\u00e9e du m\u00e9decin en isolement dans sa chambre. C\u2019est le m\u00e9decin qui d\u00e9cide de la conduite \u00e0 tenir.<\/p>\n<h2><strong><u>Secteur sanitaire<\/u><\/strong><\/h2>\n<h3><strong>1\u00b0 OUVERTURE PROGRESSIVE DE L\u2019\u00c9TABLISSEMENT AUX PERSONNES <\/strong><b>EXT\u00c9RIEURES<\/b><\/h3>\n<p><strong>INTERVENTION DE PROFESSIONNELS\u00a0<\/strong><b>EXT\u00c9RIEURS<\/b><\/p>\n<ul>\n<li><strong>Les <em>ambulanciers <\/em>resteront contr\u00f4l\u00e9s \u00e0 chaque<\/strong> entr\u00e9e\u00a0: enregistrement sur un registre d\u00e9di\u00e9, mesures d\u2019hygi\u00e8ne ex\u00e9cut\u00e9es avant l\u2019entr\u00e9e et prise de temp\u00e9rature<\/li>\n<li><strong>Les <em>coiffeuses<\/em> prennent les RDV elles-m\u00eames et vont chercher les patients mais demeurent soumises \u00e0 l\u2019application d\u2019une charte sp\u00e9cifique<\/strong><\/li>\n<li><strong>De m\u00eame pour les <em>podologues\/p\u00e9dicures\/orthophonistes<\/em><\/strong><\/li>\n<\/ul>\n<p><strong>VISITES DES FAMILLES ET DU PUBLIC<\/strong><\/p>\n<ul>\n<li><strong>Les familles et le public sont autoris\u00e9s \u00e0 entrer sur certaines plages horaires et sous r\u00e9serve qu\u2019elles respectent les mesures barri\u00e8res (voir <a href=\"https:\/\/chdouelafontaine.fr\/centre-hospitalier\/conditions_visites_libres\/\">RUBRIQUE VISITES LIBRES EN ETABLISSEMENT<\/a>)<\/strong><\/li>\n<\/ul>\n<p><span style=\"color: #ff0000;\"><u>Il y a toutefois des exceptions \u00e0 la r\u00e8gle de limitation de l\u2019acc\u00e8s\u00a0: <\/u><\/span><\/p>\n<ul>\n<li><strong>En cas de d\u00e9c\u00e8s imminent,<\/strong><\/li>\n<li><strong>En cas de soins palliatifs,<br \/>\n<\/strong>Dans ce cas, sur demande ou sur appel des familles, les mesures peuvent \u00eatre assouplies. Sur autorisation du directeur. Dans tous les cas, les mesures barri\u00e8res restent obligatoires.<\/li>\n<\/ul>\n<h3><strong>2\u00b0 LA POLITIQUE EN PLACE RELATIVE AUX PERSONNELS<\/strong><\/h3>\n<ul>\n<li><strong>Maintien du contr\u00f4le des personnels \u00e0 la prise de poste<\/strong><\/li>\n<\/ul>\n<p>Les personnels ont des mesures strictes \u00e0 mettre en \u0153uvre aux entr\u00e9es de l\u2019\u00e9tablissement, leur temp\u00e9rature prise, le lavage des mains avec du solut\u00e9 hydro-alcoolique (SHA) ex\u00e9cut\u00e9 et l\u2019enregistrement sur un registre. Un sas d\u2019habillage\/d\u00e9shabillage est mis en place pour renforcer les mesures de pr\u00e9vention.<\/p>\n<p>Des tests s\u00e9rologiques seront propos\u00e9s \u00e0 tous les personnels ainsi que des tests PCR \u00e0 leur retour de cong\u00e9s sup\u00e9rieurs \u00e0 8 jours.<\/p>\n<ul>\n<li><strong>Informations des personnels sur le COVID-19<\/strong><\/li>\n<\/ul>\n<p>L\u2019infirmi\u00e8re hygi\u00e9niste proc\u00e8de r\u00e9guli\u00e8rement \u00e0 des rappels sur les diff\u00e9rentes mesures d\u2019hygi\u00e8ne.<\/p>\n<h3><u><b>3\u00b0 MESURES PR\u00c9VENTIVES\u00a0PRISES A L\u2019\u00c9GARD DES PATIENTS<\/b><\/u><\/h3>\n<ul>\n<li><strong>QUAND LE CONFINEMENT EST-IL MIS EN PLACE ?<\/strong><\/li>\n<\/ul>\n<p>Il y a de multiples situations. De mani\u00e8re g\u00e9n\u00e9rale, le patient est confin\u00e9 lorsque le risque lors de sorties \u00e0 l\u2019ext\u00e9rieur en RDV m\u00e9dicaux est estim\u00e9 non n\u00e9gligeable et lorsqu\u2019il ne peut pas porter un masque de mani\u00e8re prolong\u00e9e.<\/p>\n<ul>\n<li><strong>QUAND L\u2019ISOLEMENT EST-IL MIS EN PLACE ?\u00a0<\/strong><\/li>\n<\/ul>\n<p>Quand le patient pr\u00e9sente des signes qui peuvent \u00e9voquer le COVID-19 ou une autre pathologie contagieuse, il est plac\u00e9, avant l\u2019arriv\u00e9e du m\u00e9decin en isolement dans sa chambre. C\u2019est le m\u00e9decin qui d\u00e9cide de la conduite \u00e0 tenir.<\/p>\n","protected":false},"excerpt":{"rendered":"<p>MESURES DE D\u00c9CONFINEMENT EN VIGUEUR MISE A JOUR 10\/12\/2020 attention les mesures figurant sur cette page ne sont pas en place actuellement au 10\/12\/2020 voir rubrique suivante\u00a0: conditions de visite SECTEUR EHPAD 1\u00b0 OUVERTURE DE L\u2019\u00c9TABLISSEMENT AUX PERSONNES EXT\u00c9RIEURES \u00a0ANIMATION Les b\u00e9n\u00e9voles sont admis dans l\u2019\u00e9tablissement sous r\u00e9serve du respect des mesures barri\u00e8res (charte sp\u00e9cifique) [&hellip;]<\/p>\n","protected":false},"author":14,"featured_media":0,"parent":2050,"menu_order":8,"comment_status":"closed","ping_status":"closed","template":"","meta":{"footnotes":""},"class_list":["post-2393","page","type-page","status-publish","hentry"],"_links":{"self":[{"href":"https:\/\/chdouelafontaine.fr\/centre-hospitalier\/wp-json\/wp\/v2\/pages\/2393","targetHints":{"allow":["GET"]}}],"collection":[{"href":"https:\/\/chdouelafontaine.fr\/centre-hospitalier\/wp-json\/wp\/v2\/pages"}],"about":[{"href":"https:\/\/chdouelafontaine.fr\/centre-hospitalier\/wp-json\/wp\/v2\/types\/page"}],"author":[{"embeddable":true,"href":"https:\/\/chdouelafontaine.fr\/centre-hospitalier\/wp-json\/wp\/v2\/users\/14"}],"replies":[{"embeddable":true,"href":"https:\/\/chdouelafontaine.fr\/centre-hospitalier\/wp-json\/wp\/v2\/comments?post=2393"}],"version-history":[{"count":8,"href":"https:\/\/chdouelafontaine.fr\/centre-hospitalier\/wp-json\/wp\/v2\/pages\/2393\/revisions"}],"predecessor-version":[{"id":2536,"href":"https:\/\/chdouelafontaine.fr\/centre-hospitalier\/wp-json\/wp\/v2\/pages\/2393\/revisions\/2536"}],"up":[{"embeddable":true,"href":"https:\/\/chdouelafontaine.fr\/centre-hospitalier\/wp-json\/wp\/v2\/pages\/2050"}],"wp:attachment":[{"href":"https:\/\/chdouelafontaine.fr\/centre-hospitalier\/wp-json\/wp\/v2\/media?parent=2393"}],"curies":[{"name":"wp","href":"https:\/\/api.w.org\/{rel}","templated":true}]}}