{"id":600,"date":"2017-11-09T17:26:04","date_gmt":"2017-11-09T16:26:04","guid":{"rendered":"http:\/\/localhost\/www\/ch_doue\/?page_id=600"},"modified":"2025-07-24T11:52:48","modified_gmt":"2025-07-24T09:52:48","slug":"presentation-du-ssiad","status":"publish","type":"page","link":"https:\/\/chdouelafontaine.fr\/centre-hospitalier\/ssiad\/presentation-du-ssiad\/","title":{"rendered":"Pr\u00e9sentation du SSIAD"},"content":{"rendered":"<div class=\"chdoue-float-address color-ssiad\"><strong>SSIAD DU CENTRE HOSPITALIER<\/strong><br \/>\n<span style=\"color: #000000;\">30ter rue Saint-Fran\u00e7ois<\/span><br \/>\n<span style=\"color: #000000;\"> Dou\u00e9 la Fontaine<\/span><br \/>\n<span style=\"color: #000000;\"> 49700 Dou\u00e9-En-Anjou<\/span><\/div>\n<h2>Le S.S.I.A.D.<\/h2>\n<p>Le <strong><span style=\"color: #2d3e50;\">Service de Soins Infirmiers \u00e0 Domicile<\/span><\/strong> (<strong><span style=\"color: #d3482f;\">SSIAD<\/span><\/strong>) du Centre Hospitalier de Dou\u00e9-En-Anjou, situ\u00e9 30ter rue saint Fran\u00e7ois 49700 DOU\u00c9-EN-ANJOU, propose 70 places (65 pour personnes \u00e2g\u00e9es et 5 pour personnes handicap\u00e9es vieillissantes) et assure, sur prescription m\u00e9dicale, des prestations de soins infirmiers dans le champ de l\u2019<em>hygi\u00e8ne<\/em> ayant pour objectif de\u00a0:<\/p>\n<ul>\n<li>de <strong>pr\u00e9venir la perte d\u2019autonomie<\/strong>,<\/li>\n<li>d&rsquo;<strong>\u00e9viter une hospitalisation<\/strong>,<\/li>\n<li>de <strong>faciliter le retour \u00e0 domicile<\/strong> apr\u00e8s une hospitalisation,<\/li>\n<li>de <strong>retarder une entr\u00e9e dans un \u00e9tablissement<\/strong> d&rsquo;h\u00e9bergement<\/li>\n<\/ul>\n<p>Ces interventions peuvent \u00eatre de courte, de moyenne ou de longue dur\u00e9e selon l\u2019\u00e9tat de sant\u00e9 et les besoins du patient.<\/p>\n<p style=\"text-align: center;\"><span style=\"text-decoration: underline;\"><span style=\"color: #000000; text-decoration: underline;\">L\u2019infirmi\u00e8re coordinatrice et\/ou le cadre de sant\u00e9 sont \u00e0 votre disposition<\/span><\/span><span style=\"color: #000000;\"><br \/>\n<strong><i class=\"fa fa-phone\"><\/i> 02.41.53.53.77<\/strong> ou <strong>siad@chdouelafontaine.fr<\/strong><\/span><\/p>\n<h5>Les modalit\u00e9s de prise de charge\u00a0sont les suivantes :<div id=\"metaslider-id-1122\" style=\"max-width: 400px; margin: 0 auto;\" class=\"ml-slider-3-105-0 metaslider metaslider-flex metaslider-1122 ml-slider alignleft_slider ms-theme-default nav-hidden\" role=\"region\" aria-label=\"SSIAD pr\u00e9sentation\" data-height=\"250\" data-width=\"400\">\n    <div id=\"metaslider_container_1122\">\n        <div id=\"metaslider_1122\">\n            <ul class='slides'>\n                <li style=\"display: block; width: 100%;\" class=\"slide-1128 ms-image \" aria-roledescription=\"slide\" data-date=\"2018-02-01 11:40:00\" data-filename=\"SSIAD-recadre-scaled-400x250.jpeg\" data-slide-type=\"image\"><img loading=\"lazy\" decoding=\"async\" src=\"https:\/\/chdouelafontaine.fr\/centre-hospitalier\/wp-content\/uploads\/2025\/07\/SSIAD-recadre-scaled-400x250.jpeg\" height=\"250\" width=\"400\" alt=\"\" class=\"slider-1122 slide-1128 msDefaultImage\" \/><\/li>\n                <li style=\"display: none; width: 100%;\" class=\"slide-1129 ms-image \" aria-roledescription=\"slide\" data-date=\"2018-02-01 11:40:00\" data-filename=\"Photo-SSIAD-voiture-scaled-400x250.jpg\" data-slide-type=\"image\"><img loading=\"lazy\" decoding=\"async\" src=\"https:\/\/chdouelafontaine.fr\/centre-hospitalier\/wp-content\/uploads\/2025\/07\/Photo-SSIAD-voiture-scaled-400x250.jpg\" height=\"250\" width=\"400\" alt=\"\" class=\"slider-1122 slide-1129 msDefaultImage\" \/><\/li>\n                <li style=\"display: none; width: 100%;\" class=\"slide-1130 ms-image \" aria-roledescription=\"slide\" data-date=\"2018-02-01 11:40:00\" data-filename=\"DOU14-400x250.jpg\" data-slide-type=\"image\"><img loading=\"lazy\" decoding=\"async\" src=\"https:\/\/chdouelafontaine.fr\/centre-hospitalier\/wp-content\/uploads\/2018\/02\/DOU14-400x250.jpg\" height=\"250\" width=\"400\" alt=\"\" class=\"slider-1122 slide-1130 msDefaultImage\" \/><\/li>\n                <li style=\"display: none; width: 100%;\" class=\"slide-1131 ms-image \" aria-roledescription=\"slide\" data-date=\"2018-02-01 11:40:00\" data-filename=\"780-400x250.png\" data-slide-type=\"image\"><img loading=\"lazy\" decoding=\"async\" src=\"https:\/\/chdouelafontaine.fr\/centre-hospitalier\/wp-content\/uploads\/2025\/07\/780-400x250.png\" height=\"250\" width=\"400\" alt=\"\" class=\"slider-1122 slide-1131 msDefaultImage\" \/><\/li>\n                <li style=\"display: none; width: 100%;\" class=\"slide-1132 ms-image \" aria-roledescription=\"slide\" data-date=\"2018-02-01 11:40:00\" data-filename=\"SSIAD-MODIFICATION-DE-LA-PHOTO-scaled-400x250.jpg\" data-slide-type=\"image\"><img loading=\"lazy\" decoding=\"async\" src=\"https:\/\/chdouelafontaine.fr\/centre-hospitalier\/wp-content\/uploads\/2025\/07\/SSIAD-MODIFICATION-DE-LA-PHOTO-scaled-400x250.jpg\" height=\"250\" width=\"400\" alt=\"\" class=\"slider-1122 slide-1132 msDefaultImage\" \/><\/li>\n            <\/ul>\n        <\/div>\n        \n    <\/div>\n<\/div><\/h5>\n<p>Il faut\u00a0\u00eatre\u00a0:<\/p>\n<ul>\n<li>Affili\u00e9 \u00e0 un r\u00e9gime de s\u00e9curit\u00e9 sociale (CPAM, MSA, RSI),<\/li>\n<li>\u00c2g\u00e9 de 60 ans au moins, malade ou en perte d&rsquo;autonomie<\/li>\n<li>\u00c2g\u00e9 de moins de 60 ans en situation de handicap ou atteint d&rsquo;une maladie chronique,<\/li>\n<li>Un habitant dans le secteur d\u2019intervention (<strong>voir carte ci-dessous<\/strong>) :<\/li>\n<\/ul>\n<h5>Les diff\u00e9rentes prestations sont principalement :<\/h5>\n<ul>\n<li>Des soins d\u2019hygi\u00e8ne et de confort corporel dans un environnement sain, agr\u00e9able et s\u00e9curis\u00e9 (toilette, douche, shampoing, soins des pieds, rasage, \u2026),<\/li>\n<li>La pr\u00e9vention de la douleur ainsi que son \u00e9valuation dans le cadre des mobilisations et de l\u2019installation de la personne,<\/li>\n<li>La pr\u00e9vention de la d\u00e9nutrition et de la d\u00e9shydratation,<\/li>\n<li>La pr\u00e9vention des chutes par des conseils d\u2019am\u00e9nagement du domicile,<\/li>\n<li>L\u2019aide \u00e0 la prise du traitement m\u00e9dicamenteux.<\/li>\n<li>Des soins infirmiers sont pratiqu\u00e9s le cas \u00e9ch\u00e9ant en collaboration avec nos partenaires, infirmiers lib\u00e9raux<\/li>\n<\/ul>\n<p>T\u00e9l\u00e9chargement : <a href=\"https:\/\/chdouelafontaine.fr\/centre-hospitalier\/wp-content\/uploads\/2023\/12\/DOSSIER-MEDICAL-SSIAD_v4.pdf\" target=\"_blank\" rel=\"noopener\">Dossier d\u2019inscription<\/a><br \/>\nT\u00e9l\u00e9chargement : <a href=\"https:\/\/chdouelafontaine.fr\/centre-hospitalier\/wp-content\/uploads\/2018\/02\/LIVRET_SSIAD.pdf\" target=\"_blank\" rel=\"noopener\">Livret d\u2019accueil SSIAD<\/a><\/p>\n<p><a href=\"https:\/\/chdouelafontaine.fr\/centre-hospitalier\/wp-content\/uploads\/2018\/02\/plan_ssiad.png\" rel=\"attachment wp-att-1748\"><img loading=\"lazy\" decoding=\"async\" class=\"aligncenter wp-image-1748 size-full\" src=\"https:\/\/chdouelafontaine.fr\/centre-hospitalier\/wp-content\/uploads\/2018\/02\/plan_ssiad.png\" alt=\"\" width=\"1175\" height=\"1299\" srcset=\"https:\/\/chdouelafontaine.fr\/centre-hospitalier\/wp-content\/uploads\/2018\/02\/plan_ssiad.png 1175w, https:\/\/chdouelafontaine.fr\/centre-hospitalier\/wp-content\/uploads\/2018\/02\/plan_ssiad-271x300.png 271w, https:\/\/chdouelafontaine.fr\/centre-hospitalier\/wp-content\/uploads\/2018\/02\/plan_ssiad-768x849.png 768w, https:\/\/chdouelafontaine.fr\/centre-hospitalier\/wp-content\/uploads\/2018\/02\/plan_ssiad-926x1024.png 926w\" sizes=\"auto, (max-width: 1175px) 100vw, 1175px\" \/><\/a><\/p>\n","protected":false},"excerpt":{"rendered":"<p>SSIAD DU CENTRE HOSPITALIER 30ter rue Saint-Fran\u00e7ois Dou\u00e9 la Fontaine 49700 Dou\u00e9-En-Anjou Le S.S.I.A.D. Le Service de Soins Infirmiers \u00e0 Domicile (SSIAD) du Centre Hospitalier de Dou\u00e9-En-Anjou, situ\u00e9 30ter rue saint Fran\u00e7ois 49700 DOU\u00c9-EN-ANJOU, propose 70 places (65 pour personnes \u00e2g\u00e9es et 5 pour personnes handicap\u00e9es vieillissantes) et assure, sur prescription m\u00e9dicale, des prestations de [&hellip;]<\/p>\n","protected":false},"author":1,"featured_media":0,"parent":963,"menu_order":1,"comment_status":"closed","ping_status":"closed","template":"","meta":{"footnotes":""},"class_list":["post-600","page","type-page","status-publish","hentry"],"_links":{"self":[{"href":"https:\/\/chdouelafontaine.fr\/centre-hospitalier\/wp-json\/wp\/v2\/pages\/600","targetHints":{"allow":["GET"]}}],"collection":[{"href":"https:\/\/chdouelafontaine.fr\/centre-hospitalier\/wp-json\/wp\/v2\/pages"}],"about":[{"href":"https:\/\/chdouelafontaine.fr\/centre-hospitalier\/wp-json\/wp\/v2\/types\/page"}],"author":[{"embeddable":true,"href":"https:\/\/chdouelafontaine.fr\/centre-hospitalier\/wp-json\/wp\/v2\/users\/1"}],"replies":[{"embeddable":true,"href":"https:\/\/chdouelafontaine.fr\/centre-hospitalier\/wp-json\/wp\/v2\/comments?post=600"}],"version-history":[{"count":33,"href":"https:\/\/chdouelafontaine.fr\/centre-hospitalier\/wp-json\/wp\/v2\/pages\/600\/revisions"}],"predecessor-version":[{"id":3593,"href":"https:\/\/chdouelafontaine.fr\/centre-hospitalier\/wp-json\/wp\/v2\/pages\/600\/revisions\/3593"}],"up":[{"embeddable":true,"href":"https:\/\/chdouelafontaine.fr\/centre-hospitalier\/wp-json\/wp\/v2\/pages\/963"}],"wp:attachment":[{"href":"https:\/\/chdouelafontaine.fr\/centre-hospitalier\/wp-json\/wp\/v2\/media?parent=600"}],"curies":[{"name":"wp","href":"https:\/\/api.w.org\/{rel}","templated":true}]}}