{"id":687,"date":"2017-11-28T12:02:04","date_gmt":"2017-11-28T11:02:04","guid":{"rendered":"http:\/\/localhost\/www\/ch_doue\/?page_id=687"},"modified":"2025-08-28T12:40:13","modified_gmt":"2025-08-28T10:40:13","slug":"le-calcul-des-frais-de-sejour","status":"publish","type":"page","link":"https:\/\/chdouelafontaine.fr\/centre-hospitalier\/ehpad\/le-calcul-des-frais-de-sejour\/","title":{"rendered":"Le calcul des frais de s\u00e9jour"},"content":{"rendered":"\n<h2 class=\"wp-block-heading\">LES FRAIS DE S\u00c9JOUR<\/h2>\n\n\n\n<div class=\"wp-block-cover is-light\"><img loading=\"lazy\" decoding=\"async\" width=\"650\" height=\"325\" class=\"wp-block-cover__image-background wp-image-3835 size-full\" alt=\"\" src=\"https:\/\/chdouelafontaine.fr\/centre-hospitalier\/wp-content\/uploads\/2025\/08\/caalcul-frais.jpg\" style=\"object-position:13% 100%\" data-object-fit=\"cover\" data-object-position=\"13% 100%\" srcset=\"https:\/\/chdouelafontaine.fr\/centre-hospitalier\/wp-content\/uploads\/2025\/08\/caalcul-frais.jpg 650w, https:\/\/chdouelafontaine.fr\/centre-hospitalier\/wp-content\/uploads\/2025\/08\/caalcul-frais-300x150.jpg 300w\" sizes=\"auto, (max-width: 650px) 100vw, 650px\" \/><span aria-hidden=\"true\" class=\"wp-block-cover__background has-background-dim-0 has-background-dim\" style=\"background-color:#c3bbb5\"><\/span><div class=\"wp-block-cover__inner-container is-layout-constrained wp-block-cover-is-layout-constrained\">\n<p class=\"has-text-align-center has-large-font-size\"><\/p>\n<\/div><\/div>\n\n\n\n<p><\/p>\n\n\n\n<p style=\"font-size:20px\"><strong>Les frais de s\u00e9jour sont calcul\u00e9s selon trois \u00e9l\u00e9ments :<\/strong><\/p>\n\n\n\n<ul style=\"background-color:#d4e3f6\" class=\"wp-block-list has-background\">\n<li style=\"font-size:17px\"><strong>Le prix de journ\u00e9e<\/strong>, relatif \u00e0 \u00ab l\u2019h\u00e9bergement \u00bb, recouvre les prestations administratives, d\u2019accueil, d\u2019h\u00f4tellerie, de restauration, d\u2019entretien et d\u2019animation conform\u00e9ment au d\u00e9cret du 30 d\u00e9cembre 2015 relatif \u00e0 la liste des prestations minimales d&rsquo;h\u00e9bergement d\u00e9livr\u00e9es par les EHPAD.<br><em>Il est \u00e0 noter que le GIR 5 et 6 est inclus dans la facturation que vous recevrez mensuellement conform\u00e9ment \u00e0 la l\u00e9gislation en vigueur.<\/em><\/li>\n\n\n\n<li style=\"font-size:17px\"><strong>Le tarif \u00ab d\u00e9pendance \u00bb<\/strong>, varient selon votre GIR (degr\u00e9 de d\u00e9pendance) et couvre les prestations d\u2019aide et de surveillance n\u00e9cessaires \u00e0 l\u2019accomplissement des actes essentiels de la vie et non li\u00e9s aux soins.<\/li>\n\n\n\n<li style=\"font-size:17px\"><strong>Le tarif \u00ab soins \u00bb<\/strong>&nbsp;recouvre les prestations m\u00e9dicales et param\u00e9dicales. Il ne vous est pas factur\u00e9, L\u2019\u00e9tablissement re\u00e7oit une dotation globale annuelle de l\u2019assurance maladie.<\/li>\n<\/ul>\n\n\n\n<p style=\"font-size:17px\"><em>Pour les r\u00e9sidents dont le <strong>degr\u00e9 de d\u00e9pendance<\/strong> est compris entre 1 et 4<\/em>, l\u2019\u00e9tablissement a sign\u00e9 une convention avec le d\u00e9partement du Maine et Loire et de Loire Atlantique afin que l\u2019APA (Allocation Personnalis\u00e9e \u00e0 l\u2019Autonomie) lui soit revers\u00e9e sous forme de dotation. Seul le ticket mod\u00e9rateur (\u00e9quivalent au tarif du GIR 5 \u2013 6) sera factur\u00e9.<br><em>Pour les r\u00e9sidents (GIR 1 \u00e0 4)<\/em> issus des d\u00e9partements hors Maine-et-Loire et Loire-Atlantique, un dossier d\u2019APA est \u00e0 constituer par vos soins pour le versement direct de cette prestation. En contrepartie, l\u2019\u00e9tablissement facturera la totalit\u00e9 du tarif d\u00e9pendance.<\/p>\n\n\n\n<p style=\"font-size:20px\"><strong>Dans tous les cas, vos frais d\u2019h\u00e9bergement varieront selon :<\/strong><\/p>\n\n\n\n<ul style=\"background-color:#d4e3f6\" class=\"wp-block-list has-background\">\n<li style=\"font-size:17px\">Votre \u00e2ge (plus ou moins de 60 ans)<\/li>\n\n\n\n<li style=\"font-size:17px\">Votre absence pour hospitalisation<\/li>\n\n\n\n<li style=\"font-size:17px\">Votre absence pour convenances personnelles \/ vacances<\/li>\n\n\n\n<li style=\"font-size:17px\">Votre type d\u2019h\u00e9bergement (d\u00e9finitif ou temporaire ou accueil de jour)<\/li>\n<\/ul>\n\n\n\n<p class=\"has-vivid-red-color has-text-color has-link-color wp-elements-f8d334559c55de6eb337657c46a557e6\" style=\"font-size:17px\"><em>Il est \u00e0 noter que la participation au PASA est incluse dans le prix de journ\u00e9e de l\u2019h\u00e9bergement d\u00e9finitif.<\/em><\/p>\n\n\n<h3><span style=\"text-decoration: underline;\"><span style=\"color: #2d3e50; text-decoration: underline;\">TARIF<\/span> <span style=\"color: #ff0000; text-decoration: underline;\">EHPAD H\u00c9BERGEMENT D\u00c9FINITIF 2025<\/span><\/span><\/h3>\n<h4>Des tarifs journaliers applicables \u00e0 la date du <span style=\"color: #ff0000;\">01\/07\/2025 :<\/span><\/h4>\n<table style=\"height: 300px; width: 125.928%; vertical-align: middle; background-color: #;\" cellpadding=\"5px\">\n<tbody>\n<tr style=\"height: 23px;\">\n<th style=\"vertical-align: middle; width: 6.99433%; text-align: center; height: 69px;\" rowspan=\"2\">GIR<\/th>\n<th style=\"vertical-align: middle; width: 18.1475%; text-align: center; height: 69px;\" colspan=\"2\" rowspan=\"2\">Tarif h\u00e9bergement<\/th>\n<th style=\"vertical-align: middle; width: 36.2003%; text-align: center; height: 23px;\" colspan=\"2\">Tarif d\u00e9pendance<\/th>\n<th style=\"background-color: #c7c7c7; vertical-align: middle; width: 37.5236%; text-align: center; height: 23px;\" colspan=\"2\"><span style=\"color: #d3482f;\">TOTAL<\/span><\/th>\n<\/tr>\n<tr style=\"height: 46px;\">\n<th style=\"vertical-align: middle; width: 18.0529%; text-align: center; height: 46px;\">Domicili\u00e9 <span style=\"color: #d3482f;\">dans<\/span> le d\u00e9partement<strong>*<\/strong><\/th>\n<th style=\"vertical-align: middle; width: 18.1474%; text-align: center; height: 46px;\">Domicili\u00e9 <span style=\"color: #d3482f;\">hors<\/span> d\u00e9partement<\/th>\n<th style=\"background-color: #c7c7c7; vertical-align: middle; width: 19.0926%; text-align: center; height: 46px;\">Domicili\u00e9 <span style=\"color: #d3482f;\">dans<\/span> le d\u00e9partement<strong>*<\/strong><\/th>\n<th style=\"background-color: #8c8c8c; vertical-align: middle; width: 18.431%; text-align: center; height: 46px;\">Domicili\u00e9 <span style=\"color: #d3482f;\">Hors<\/span> d\u00e9partement<\/th>\n<\/tr>\n<tr style=\"height: 46px;\">\n<td style=\"width: 6.99433%; height: 46px;\"><strong>1 et 2<\/strong><\/td>\n<td style=\"width: 5.67108%; height: 46px;\"><strong>D\u00e9finitif<\/strong><\/td>\n<td style=\"text-align: center; width: 12.4764%; height: 46px;\">\n<p>68.25\u20ac<\/p>\n<\/td>\n<td style=\"text-align: center; width: 18.0529%; height: 46px;\">6.10\u20ac<\/td>\n<td style=\"text-align: center; width: 18.1474%; height: 46px;\">6.10\u20ac<\/td>\n<th style=\"background-color: #c7c7c7; text-align: center; width: 19.0926%; height: 46px;\">74.35\u20ac<\/th>\n<th style=\"background-color: #8c8c8c; text-align: center; width: 18.431%; height: 46px;\">74.35\u20ac<\/th>\n<\/tr>\n<tr style=\"height: 46px;\">\n<td style=\"width: 6.99433%; height: 46px;\"><strong>3 et 4<\/strong><\/td>\n<td style=\"width: 5.67108%; height: 46px;\"><strong>D\u00e9finitif<\/strong><\/td>\n<td style=\"text-align: center; width: 12.4764%; height: 46px;\">68.25\u20ac<\/td>\n<td style=\"text-align: center; width: 18.0529%; height: 46px;\">6.10\u20ac<\/td>\n<td style=\"text-align: center; width: 18.1474%; height: 46px;\">6.10\u20ac<\/td>\n<th style=\"background-color: #c7c7c7; text-align: center; width: 19.0926%; height: 46px;\">74.35\u20ac<\/th>\n<th style=\"background-color: #8c8c8c; text-align: center; width: 18.431%; height: 46px;\">74.35\u20ac<\/th>\n<\/tr>\n<tr style=\"height: 46px;\">\n<td style=\"width: 6.99433%; height: 46px;\"><strong>5 et 6<\/strong><\/td>\n<td style=\"width: 5.67108%; height: 46px;\"><strong>D\u00e9finitif<\/strong><\/td>\n<td style=\"text-align: center; width: 12.4764%; height: 46px;\">68.25\u20ac<\/td>\n<td style=\"text-align: center; width: 18.0529%; height: 46px;\">6.10\u20ac<\/td>\n<td style=\"text-align: center; width: 18.1474%; height: 46px;\">6.10\u20ac<\/td>\n<th style=\"background-color: #c7c7c7; width: 19.0926%; height: 46px; text-align: center;\">74.35\u20ac<\/th>\n<th style=\"background-color: #8c8c8c; width: 18.431%; height: 46px; text-align: center;\">74.35\u20ac<\/th>\n<\/tr>\n<tr style=\"height: 70px;\">\n<td style=\"width: 6.99433%; height: 70px; text-align: center;\"><strong><em>Moins de 60 ans<\/em><\/strong><\/td>\n<td style=\"width: 5.67108%; height: 70px;\"><strong><em>D\u00e9finitif<\/em><\/strong><\/td>\n<td style=\"width: 12.4764%; height: 70px; text-align: center;\">68.25\u20ac<\/td>\n<td style=\"width: 18.0529%; height: 70px; text-align: center;\">6.10\u20ac<\/td>\n<td style=\"width: 18.1474%; height: 70px; text-align: center;\">6.10\u20ac<\/td>\n<td style=\"width: 19.0926%; height: 70px; background-color: #c7c7c7; text-align: center;\"><strong><em>74.35\u20ac<\/em><\/strong><\/td>\n<td style=\"width: 18.431%; height: 70px; background-color: #8c8c8c; text-align: center;\"><strong><em>74.35\u20ac<\/em><\/strong><\/td>\n<\/tr>\n<tr style=\"height: 23px;\">\n<td style=\"height: 23px; width: 98.8657%;\" colspan=\"7\"><strong><em>* <\/em><\/strong><em>Allocation Personnalis\u00e9e \u00e0 l&rsquo;Autonomie <\/em><strong><em>d\u00e9duite<\/em><\/strong><\/td>\n<\/tr>\n<\/tbody>\n<\/table>\n<h3><span style=\"text-decoration: underline;\"><span style=\"color: #2d3e50; text-decoration: underline;\">TARIF<\/span>\u00a0<span style=\"color: #ff0000; text-decoration: underline;\">EHPAD H\u00c9BERGEMENT TEMPORAIRE 2025<\/span><\/span><\/h3>\n<h4>Des tarifs journaliers applicables \u00e0 la date du <span style=\"color: #ff0000;\">01\/07\/2025 :<\/span><\/h4>\n<table style=\"width: 126.286%; height: 104px;\" cellpadding=\"5px\">\n<tbody>\n<tr style=\"height: 18px;\">\n<th style=\"vertical-align: middle; width: 5.7656%; height: 36px; text-align: center;\" rowspan=\"2\">GIR<\/th>\n<th style=\"vertical-align: middle; width: 20.0378%; height: 36px; text-align: center;\" colspan=\"2\" rowspan=\"2\">Tarif h\u00e9bergement<\/th>\n<th style=\"vertical-align: middle; width: 36.673%; height: 18px; text-align: center;\" colspan=\"2\">Tarif d\u00e9pendance<\/th>\n<th style=\"background-color: #bdbdbd; width: 36.2949%; height: 18px; text-align: center;\" colspan=\"2\"><span style=\"color: #d3482f;\">TOTAL<\/span><\/th>\n<\/tr>\n<tr style=\"height: 18px;\">\n<th style=\"vertical-align: middle; width: 18.1474%; height: 18px; text-align: center;\">Domicili\u00e9 <span style=\"color: #d3482f;\">dans<\/span> le d\u00e9partement<strong>*<\/strong><\/th>\n<th style=\"vertical-align: middle; width: 18.5255%; height: 18px; text-align: center;\">Domicili\u00e9 <span style=\"color: #d3482f;\">hors<\/span> d\u00e9partement<\/th>\n<th style=\"background-color: #bdbdbd; width: 18.5255%; height: 18px; text-align: center;\">Domicili\u00e9 <span style=\"color: #d3482f;\">dans<\/span> le d\u00e9partement<strong>*<\/strong><\/th>\n<th style=\"background-color: #7d7d7d; width: 17.7694%; height: 18px; text-align: center;\">Domicili\u00e9 <span style=\"color: #d3482f;\">Hors<\/span> d\u00e9partement<\/th>\n<\/tr>\n<tr style=\"height: 18px;\">\n<td style=\"width: 5.7656%; height: 18px;\"><strong>1 et 2<\/strong><\/td>\n<td style=\"width: 9.16824%; height: 18px;\"><strong>Temporaire<\/strong><\/td>\n<td style=\"width: 10.8696%; text-align: center; height: 18px;\">73.25\u20ac<\/td>\n<td style=\"width: 18.1474%; text-align: center; height: 18px;\">6.24\u20ac<\/td>\n<td style=\"width: 18.5255%; text-align: center; height: 18px;\">23.19\u20ac<\/td>\n<th style=\"background-color: #bdbdbd; text-align: center; width: 18.5255%; height: 18px;\"><span style=\"background-color: #99ccff;\">74.49\u20ac<\/span><\/th>\n<th style=\"background-color: #7d7d7d; text-align: center; width: 17.7694%; height: 18px;\">96.44\u20ac<\/th>\n<\/tr>\n<tr style=\"height: 14.2031px;\">\n<td style=\"width: 5.7656%; height: 14px;\"><strong>3 et 4<\/strong><\/td>\n<td style=\"width: 9.16824%; height: 14px;\"><strong>Temporaire<\/strong><\/td>\n<td style=\"width: 10.8696%; text-align: center; height: 14px;\">73.25\u20ac<\/td>\n<td style=\"width: 18.1474%; text-align: center; height: 14px;\">6.24\u20ac<\/td>\n<td style=\"width: 18.5255%; text-align: center; height: 14px;\">14.72\u20ac<\/td>\n<th style=\"background-color: #bdbdbd; text-align: center; width: 18.5255%; height: 14px;\"><span style=\"background-color: #99ccff;\">74.49\u20ac<\/span><\/th>\n<th style=\"background-color: #7d7d7d; text-align: center; width: 17.7694%; height: 14px;\">87.97\u20ac<\/th>\n<\/tr>\n<tr style=\"height: 18px;\">\n<td style=\"width: 5.7656%; height: 18px;\"><strong>5 et 6<\/strong><\/td>\n<td style=\"width: 9.16824%; height: 18px;\"><strong>Temporaire<\/strong><\/td>\n<td style=\"width: 10.8696%; text-align: center; height: 18px;\">73.25\u20ac<\/td>\n<td style=\"width: 18.1474%; text-align: center; height: 18px;\">6.24\u20ac<\/td>\n<td style=\"width: 18.5255%; text-align: center; height: 18px;\">6.24\u20ac<\/td>\n<th style=\"background-color: #bdbdbd; text-align: center; width: 18.5255%; height: 18px;\"><span style=\"background-color: #99ccff;\">74.49\u20ac<\/span><\/th>\n<th style=\"background-color: #7d7d7d; text-align: center; width: 17.7694%; height: 18px;\">79.49\u20ac<\/th>\n<\/tr>\n<tr style=\"height: 18px;\">\n<td style=\"width: 98.7713%; height: 18px;\" colspan=\"7\"><strong><em>* <\/em><\/strong><em>Allocation Personnalis\u00e9e \u00e0 l&rsquo;Autonomie <\/em><strong><em>d\u00e9duite<\/em><\/strong><\/td>\n<\/tr>\n<\/tbody>\n<\/table>\n<p><em><strong>Les tarifs h\u00e9bergement sont fix\u00e9s tous les ans par d\u00e9cision du Pr\u00e9sident du Conseil D\u00e9partemental.<\/strong><\/em><\/p>\n<p><span style=\"background-color: #99ccff;\">Tarif apr\u00e8s d\u00e9duction de l&rsquo;aide \u00e0 la solvabilisation de 5\u20ac par jour, pour les r\u00e9sidents dont le domicile de secours est dans le Maine et Loire.<\/span><\/p>\n<h3><span style=\"text-decoration: underline;\"><span style=\"color: #2d3e50; text-decoration: underline;\">TARIF<\/span>\u00a0<span style=\"color: #ff0000; text-decoration: underline;\">UPHA 2025<\/span><\/span><\/h3>\n<h4>Des tarifs journaliers applicables \u00e0 la date du <span style=\"color: #ff0000;\">01\/05\/2025 :<\/span><\/h4>\n<table style=\"height: 138px; width: 126.667%; border-collapse: collapse; border-color: #;\">\n<tbody>\n<tr style=\"height: 46px;\">\n<td style=\"width: 25%; height: 46px; text-align: center;\"><strong>GIR<\/strong><\/td>\n<td style=\"width: 25%; text-align: center; height: 46px;\"><strong>Tarif h\u00e9bergement<\/strong><\/td>\n<td style=\"width: 25%; text-align: center; height: 46px;\">Participation forfaitaire titre du maintien de l&rsquo;autonomie<\/td>\n<td style=\"width: 51.6667%; height: 46px; background-color: #bdbdbd; text-align: center;\"><span style=\"color: #ff0000;\"><strong>TOTAL<\/strong><\/span><\/td>\n<\/tr>\n<tr style=\"height: 23px;\">\n<td style=\"width: 25%; height: 23px; text-align: center;\"><strong>1 et 2<\/strong><\/td>\n<td style=\"width: 25%; text-align: center; height: 23px;\"><b>83.53\u20ac<\/b><\/td>\n<td style=\"width: 25%; text-align: center; height: 23px;\"><strong>6.10\u20ac<\/strong><\/td>\n<td style=\"width: 51.6667%; height: 23px; background-color: #bdbdbd; text-align: center;\"><strong><span style=\"color: #000000;\">89.63\u20ac<\/span><\/strong><\/td>\n<\/tr>\n<tr style=\"height: 23px;\">\n<td style=\"width: 25%; text-align: center; height: 23px;\"><strong>3 et 4<\/strong><\/td>\n<td style=\"width: 25%; text-align: center; height: 23px;\"><b>83.53\u20ac<\/b><\/td>\n<td style=\"width: 25%; text-align: center; height: 23px;\"><strong>6.10\u20ac<\/strong><\/td>\n<td style=\"width: 51.6667%; height: 23px; background-color: #bdbdbd; text-align: center;\"><strong><span style=\"color: #000000;\">89.63\u20ac<\/span><\/strong><\/td>\n<\/tr>\n<tr style=\"height: 23px;\">\n<td style=\"width: 25%; text-align: center; height: 23px;\"><strong>5 et 6<\/strong><\/td>\n<td style=\"width: 25%; text-align: center; height: 23px;\"><b>83.53\u20ac<\/b><\/td>\n<td style=\"width: 25%; text-align: center; height: 23px;\"><strong>6.10\u20ac<\/strong><\/td>\n<td style=\"width: 51.6667%; height: 23px; background-color: #bdbdbd; text-align: center;\"><strong><span style=\"color: #000000;\">89.63\u20ac<\/span><\/strong><\/td>\n<\/tr>\n<tr style=\"height: 23px;\">\n<td style=\"width: 25%; text-align: center; height: 23px;\"><strong><em>Moins de<\/em><em> 60 ans<\/em><\/strong><\/td>\n<td style=\"width: 25%; text-align: center; height: 23px;\"><b>83.53\u20ac<\/b><\/td>\n<td style=\"width: 25%; text-align: center; height: 23px;\"><strong>6.10\u20ac<\/strong><\/td>\n<td style=\"width: 51.6667%; height: 23px; background-color: #bdbdbd; text-align: center;\"><strong> <span style=\"color: #000000;\">89.63\u20ac<\/span><\/strong><\/td>\n<\/tr>\n<\/tbody>\n<\/table>","protected":false},"excerpt":{"rendered":"<p>LES FRAIS DE S\u00c9JOUR Les frais de s\u00e9jour sont calcul\u00e9s selon trois \u00e9l\u00e9ments : Pour les r\u00e9sidents dont le degr\u00e9 de d\u00e9pendance est compris entre 1 et 4, l\u2019\u00e9tablissement a sign\u00e9 une convention avec le d\u00e9partement du Maine et Loire et de Loire Atlantique afin que l\u2019APA (Allocation Personnalis\u00e9e \u00e0 l\u2019Autonomie) lui soit revers\u00e9e sous [&hellip;]<\/p>\n","protected":false},"author":1,"featured_media":0,"parent":959,"menu_order":4,"comment_status":"closed","ping_status":"closed","template":"","meta":{"footnotes":""},"class_list":["post-687","page","type-page","status-publish","hentry"],"_links":{"self":[{"href":"https:\/\/chdouelafontaine.fr\/centre-hospitalier\/wp-json\/wp\/v2\/pages\/687","targetHints":{"allow":["GET"]}}],"collection":[{"href":"https:\/\/chdouelafontaine.fr\/centre-hospitalier\/wp-json\/wp\/v2\/pages"}],"about":[{"href":"https:\/\/chdouelafontaine.fr\/centre-hospitalier\/wp-json\/wp\/v2\/types\/page"}],"author":[{"embeddable":true,"href":"https:\/\/chdouelafontaine.fr\/centre-hospitalier\/wp-json\/wp\/v2\/users\/1"}],"replies":[{"embeddable":true,"href":"https:\/\/chdouelafontaine.fr\/centre-hospitalier\/wp-json\/wp\/v2\/comments?post=687"}],"version-history":[{"count":70,"href":"https:\/\/chdouelafontaine.fr\/centre-hospitalier\/wp-json\/wp\/v2\/pages\/687\/revisions"}],"predecessor-version":[{"id":4007,"href":"https:\/\/chdouelafontaine.fr\/centre-hospitalier\/wp-json\/wp\/v2\/pages\/687\/revisions\/4007"}],"up":[{"embeddable":true,"href":"https:\/\/chdouelafontaine.fr\/centre-hospitalier\/wp-json\/wp\/v2\/pages\/959"}],"wp:attachment":[{"href":"https:\/\/chdouelafontaine.fr\/centre-hospitalier\/wp-json\/wp\/v2\/media?parent=687"}],"curies":[{"name":"wp","href":"https:\/\/api.w.org\/{rel}","templated":true}]}}